{"id":1469,"date":"2017-01-18T13:30:10","date_gmt":"2017-01-18T12:30:10","guid":{"rendered":"http:\/\/blogs.hoac.es\/eutopia\/?post_type=download&#038;p=1469"},"modified":"2017-01-18T13:32:41","modified_gmt":"2017-01-18T12:32:41","slug":"heroes-del-trabajo-recordando-la-huelga-de-bandas-1966-2016","status":"publish","type":"download","link":"https:\/\/blogs.hoac.es\/eutopia\/downloads\/heroes-del-trabajo-recordando-la-huelga-de-bandas-1966-2016\/","title":{"rendered":"H\u00e9roes del trabajo. Recordando la Huelga de Bandas. 1966-2016"},"content":{"rendered":"<p><img loading=\"lazy\" decoding=\"async\" class=\"alignleft \" src=\"http:\/\/hoac.es\/ediciones\/upload\/portada_162_baja.jpg\" width=\"200\" height=\"278\" \/><\/p>\n<p>El 30 de noviembre de 1966 se inici\u00f3 la huelga de laminaci\u00f3n de bandas de Etxebarri, en Bizkaia, q<a href=\"http:\/\/www.hoac.es\/2016\/12\/07\/la-hoac-y-la-huelga-de-bandas\/\">ue fue la m\u00e1s larga del movimiento obrero durante el franquismo<\/a>.<\/p>\n<p>Persisti\u00f3 desde el 30 de noviembre de 1966 hasta el 15 de mayo de 1967. Fueron 163 d\u00edas de lucha obrera contra el capitalismo fascista del estado, que merecen ser recordados y conmemorados por todos los que, de una manera u otra, estuvimos comprometidos con aquel acontecimiento; y tambi\u00e9n por las personas que actualmente buscan y luchan por unas condiciones de trabajo m\u00e1s justas, dignas y estables.<\/p>\n<p>Un aspecto muy importante de la \u00abHuelga de Bandas\u00bb fue la capacidad de tejer redes de apoyo en la lucha de los huelguistas, tanto entre la clase obrera, como en las familias obreras, en los barrios y en la Iglesia de Bizkaia a trav\u00e9s de los militantes de la JOC y HOAC.<\/p>\n<p style=\"text-align: center;\">***<\/p>\n<p><strong>Rom\u00e1n Bilbao Arrospide\u00a0<\/strong>es de Basauri. Sacerdote de la di\u00f3cesis de Bilbao, desempe\u00f1a actualmente su tarea en la parroquia de San Vicente M\u00e1rtir de Barakaldo. Consiliario de la HOAC, tuvo un papel clave en su puesta en marcha tras la desaparici\u00f3n de los movimientos apost\u00f3licos especializados en Bizkaia. Vicario episcopal de La Margen Izquierda-Zona Minera y Encartaciones. Director del Secretariado Diocesano de Pastoral Obrera, asumiendo con posterioridad tareas de consiliar\u00eda y donde sigue colaborando. Consiliario diocesano de Acci\u00f3n Cat\u00f3lica. Autor de n\u00fameros folletos y publicaciones relacionados con pastoral obrera, la formaci\u00f3n sociopol\u00edtica de la fe, la lectura creyente de la realidad, la espiritualidad laical, la iniciaci\u00f3n cristiana o la celebraci\u00f3n de la eucarist\u00eda en familia. Por citar algunas: \u00abMisas con ni\u00f1os\u00bb, \u00abEncuentros prematrimoniales\u00bb, \u00abLa sombra del tiempo\u00bb, \u00abDSI, un faro en la crisis\u00bb, \u00abExperiencia de Dios y Militancia cristiana\u00bb, \u00abVaticano II, un Concilio para nuestros d\u00edas\u00bb, \u00abH\u00e9roes del trabajo. Recordando la Huelga de Bandas\u00bb.<\/p>\n<p><strong>\u00cdndice.<\/strong><br \/>\n\u25aaIntroducci\u00f3n<br \/>\n\u25aaMundo obrero en Bizkaia tras la Guerra Civil<br \/>\n\u25aaD\u00e9cada de los a\u00f1os 60<br \/>\n\u25aaDatos de la f\u00e1brica de Bandas<br \/>\n\u25aaCronolog\u00eda de la huelga<br \/>\n\u25aaInfraestructuras de apoyo<br \/>\n\u25aaLa HOAC, JOC y la Iglesia de Bilbao<br \/>\n\u25aaConsecuencias de la huelga<br \/>\n\u25aaEp\u00edlogo<\/p>\n","protected":false},"excerpt":{"rendered":"<p>El 30 de noviembre de 1966 se inici\u00f3 la huelga de laminaci\u00f3n de bandas de Etxebarri, en Bizkaia, que fue la m\u00e1s larga del movimiento obrero durante el franquismo. Persisti\u00f3 desde el 30 de noviembre de 1966 hasta el 15 de mayo de 1967. Fueron 163 d\u00edas de lucha obrera contra el capitalismo fascista del &hellip; <\/p>\n<p class=\"link-more\"><a href=\"https:\/\/blogs.hoac.es\/eutopia\/downloads\/heroes-del-trabajo-recordando-la-huelga-de-bandas-1966-2016\/\" class=\"more-link\">Continuar leyendo<span class=\"screen-reader-text\"> \u00abH\u00e9roes del trabajo. Recordando la Huelga de Bandas. 1966-2016\u00bb<\/span><\/a><\/p>\n","protected":false},"author":2,"featured_media":0,"template":"","edd-categories":[46],"edd-tags":[106,44,107,108,109],"class_list":["post-1469","download","type-download","status-publish","hentry","download_category-ebook","download_tag-conflicto-social","download_tag-ebook","download_tag-hoac","download_tag-joc","download_tag-mundo-obrero","edd-download","edd-download-cat-ebook","edd-download-tag-conflicto-social","edd-download-tag-ebook","edd-download-tag-hoac","edd-download-tag-joc","edd-download-tag-mundo-obrero"],"yoast_head":"<!-- This site is optimized with the Yoast SEO plugin v26.8 - https:\/\/yoast.com\/product\/yoast-seo-wordpress\/ -->\n<title>H\u00e9roes del trabajo. Recordando la Huelga de Bandas. 1966-2016 - EUTOP\u00cdA<\/title>\n<meta name=\"robots\" content=\"index, follow, max-snippet:-1, max-image-preview:large, max-video-preview:-1\" \/>\n<link rel=\"canonical\" href=\"https:\/\/blogs.hoac.es\/eutopia\/downloads\/heroes-del-trabajo-recordando-la-huelga-de-bandas-1966-2016\/\" \/>\n<meta property=\"og:locale\" content=\"es_ES\" \/>\n<meta property=\"og:type\" content=\"article\" \/>\n<meta property=\"og:title\" content=\"H\u00e9roes del trabajo. Recordando la Huelga de Bandas. 1966-2016 - EUTOP\u00cdA\" \/>\n<meta property=\"og:description\" content=\"El 30 de noviembre de 1966 se inici\u00f3 la huelga de laminaci\u00f3n de bandas de Etxebarri, en Bizkaia, que fue la m\u00e1s larga del movimiento obrero durante el franquismo. Persisti\u00f3 desde el 30 de noviembre de 1966 hasta el 15 de mayo de 1967. Fueron 163 d\u00edas de lucha obrera contra el capitalismo fascista del &hellip; Continuar leyendo &quot;H\u00e9roes del trabajo. Recordando la Huelga de Bandas. 1966-2016&quot;\" \/>\n<meta property=\"og:url\" content=\"https:\/\/blogs.hoac.es\/eutopia\/downloads\/heroes-del-trabajo-recordando-la-huelga-de-bandas-1966-2016\/\" \/>\n<meta property=\"og:site_name\" content=\"EUTOP\u00cdA\" \/>\n<meta property=\"article:modified_time\" content=\"2017-01-18T12:32:41+00:00\" \/>\n<meta property=\"og:image\" content=\"http:\/\/hoac.es\/ediciones\/upload\/portada_162_baja.jpg\" \/>\n<meta name=\"twitter:label1\" content=\"Tiempo de lectura\" \/>\n\t<meta name=\"twitter:data1\" content=\"2 minutos\" \/>\n<script type=\"application\/ld+json\" class=\"yoast-schema-graph\">{\"@context\":\"https:\/\/schema.org\",\"@graph\":[{\"@type\":\"WebPage\",\"@id\":\"https:\/\/blogs.hoac.es\/eutopia\/downloads\/heroes-del-trabajo-recordando-la-huelga-de-bandas-1966-2016\/\",\"url\":\"https:\/\/blogs.hoac.es\/eutopia\/downloads\/heroes-del-trabajo-recordando-la-huelga-de-bandas-1966-2016\/\",\"name\":\"H\u00e9roes del trabajo. Recordando la Huelga de Bandas. 1966-2016 - EUTOP\u00cdA\",\"isPartOf\":{\"@id\":\"https:\/\/blogs.hoac.es\/eutopia\/#website\"},\"primaryImageOfPage\":{\"@id\":\"https:\/\/blogs.hoac.es\/eutopia\/downloads\/heroes-del-trabajo-recordando-la-huelga-de-bandas-1966-2016\/#primaryimage\"},\"image\":{\"@id\":\"https:\/\/blogs.hoac.es\/eutopia\/downloads\/heroes-del-trabajo-recordando-la-huelga-de-bandas-1966-2016\/#primaryimage\"},\"thumbnailUrl\":\"http:\/\/hoac.es\/ediciones\/upload\/portada_162_baja.jpg\",\"datePublished\":\"2017-01-18T12:30:10+00:00\",\"dateModified\":\"2017-01-18T12:32:41+00:00\",\"breadcrumb\":{\"@id\":\"https:\/\/blogs.hoac.es\/eutopia\/downloads\/heroes-del-trabajo-recordando-la-huelga-de-bandas-1966-2016\/#breadcrumb\"},\"inLanguage\":\"es\",\"potentialAction\":[{\"@type\":\"ReadAction\",\"target\":[\"https:\/\/blogs.hoac.es\/eutopia\/downloads\/heroes-del-trabajo-recordando-la-huelga-de-bandas-1966-2016\/\"]}]},{\"@type\":\"ImageObject\",\"inLanguage\":\"es\",\"@id\":\"https:\/\/blogs.hoac.es\/eutopia\/downloads\/heroes-del-trabajo-recordando-la-huelga-de-bandas-1966-2016\/#primaryimage\",\"url\":\"http:\/\/hoac.es\/ediciones\/upload\/portada_162_baja.jpg\",\"contentUrl\":\"http:\/\/hoac.es\/ediciones\/upload\/portada_162_baja.jpg\"},{\"@type\":\"BreadcrumbList\",\"@id\":\"https:\/\/blogs.hoac.es\/eutopia\/downloads\/heroes-del-trabajo-recordando-la-huelga-de-bandas-1966-2016\/#breadcrumb\",\"itemListElement\":[{\"@type\":\"ListItem\",\"position\":1,\"name\":\"Portada\",\"item\":\"https:\/\/blogs.hoac.es\/eutopia\/\"},{\"@type\":\"ListItem\",\"position\":2,\"name\":\"Descargas\",\"item\":\"https:\/\/blogs.hoac.es\/eutopia\/downloads\/\"},{\"@type\":\"ListItem\",\"position\":3,\"name\":\"H\u00e9roes del trabajo. Recordando la Huelga de Bandas. 1966-2016\"}]},{\"@type\":\"WebSite\",\"@id\":\"https:\/\/blogs.hoac.es\/eutopia\/#website\",\"url\":\"https:\/\/blogs.hoac.es\/eutopia\/\",\"name\":\"EUTOP\u00cdA\",\"description\":\"Un buen lugar para el encuentro con las publicaciones de la HOAC\",\"publisher\":{\"@id\":\"https:\/\/blogs.hoac.es\/eutopia\/#organization\"},\"potentialAction\":[{\"@type\":\"SearchAction\",\"target\":{\"@type\":\"EntryPoint\",\"urlTemplate\":\"https:\/\/blogs.hoac.es\/eutopia\/?s={search_term_string}\"},\"query-input\":{\"@type\":\"PropertyValueSpecification\",\"valueRequired\":true,\"valueName\":\"search_term_string\"}}],\"inLanguage\":\"es\"},{\"@type\":\"Organization\",\"@id\":\"https:\/\/blogs.hoac.es\/eutopia\/#organization\",\"name\":\"EUTOP\u00cdA\",\"url\":\"https:\/\/blogs.hoac.es\/eutopia\/\",\"logo\":{\"@type\":\"ImageObject\",\"inLanguage\":\"es\",\"@id\":\"https:\/\/blogs.hoac.es\/eutopia\/#\/schema\/logo\/image\/\",\"url\":\"https:\/\/i0.wp.com\/blogs.hoac.es\/eutopia\/wp-content\/uploads\/2014\/12\/HOAC-logo-alta-54a42ab7v1_site_icon.png?fit=512%2C512&ssl=1\",\"contentUrl\":\"https:\/\/i0.wp.com\/blogs.hoac.es\/eutopia\/wp-content\/uploads\/2014\/12\/HOAC-logo-alta-54a42ab7v1_site_icon.png?fit=512%2C512&ssl=1\",\"width\":512,\"height\":512,\"caption\":\"EUTOP\u00cdA\"},\"image\":{\"@id\":\"https:\/\/blogs.hoac.es\/eutopia\/#\/schema\/logo\/image\/\"}}]}<\/script>\n<!-- \/ Yoast SEO plugin. -->","yoast_head_json":{"title":"H\u00e9roes del trabajo. Recordando la Huelga de Bandas. 1966-2016 - EUTOP\u00cdA","robots":{"index":"index","follow":"follow","max-snippet":"max-snippet:-1","max-image-preview":"max-image-preview:large","max-video-preview":"max-video-preview:-1"},"canonical":"https:\/\/blogs.hoac.es\/eutopia\/downloads\/heroes-del-trabajo-recordando-la-huelga-de-bandas-1966-2016\/","og_locale":"es_ES","og_type":"article","og_title":"H\u00e9roes del trabajo. Recordando la Huelga de Bandas. 1966-2016 - EUTOP\u00cdA","og_description":"El 30 de noviembre de 1966 se inici\u00f3 la huelga de laminaci\u00f3n de bandas de Etxebarri, en Bizkaia, que fue la m\u00e1s larga del movimiento obrero durante el franquismo. Persisti\u00f3 desde el 30 de noviembre de 1966 hasta el 15 de mayo de 1967. Fueron 163 d\u00edas de lucha obrera contra el capitalismo fascista del &hellip; Continuar leyendo \"H\u00e9roes del trabajo. Recordando la Huelga de Bandas. 1966-2016\"","og_url":"https:\/\/blogs.hoac.es\/eutopia\/downloads\/heroes-del-trabajo-recordando-la-huelga-de-bandas-1966-2016\/","og_site_name":"EUTOP\u00cdA","article_modified_time":"2017-01-18T12:32:41+00:00","og_image":[{"url":"http:\/\/hoac.es\/ediciones\/upload\/portada_162_baja.jpg","type":"","width":"","height":""}],"twitter_misc":{"Tiempo de lectura":"2 minutos"},"schema":{"@context":"https:\/\/schema.org","@graph":[{"@type":"WebPage","@id":"https:\/\/blogs.hoac.es\/eutopia\/downloads\/heroes-del-trabajo-recordando-la-huelga-de-bandas-1966-2016\/","url":"https:\/\/blogs.hoac.es\/eutopia\/downloads\/heroes-del-trabajo-recordando-la-huelga-de-bandas-1966-2016\/","name":"H\u00e9roes del trabajo. Recordando la Huelga de Bandas. 1966-2016 - EUTOP\u00cdA","isPartOf":{"@id":"https:\/\/blogs.hoac.es\/eutopia\/#website"},"primaryImageOfPage":{"@id":"https:\/\/blogs.hoac.es\/eutopia\/downloads\/heroes-del-trabajo-recordando-la-huelga-de-bandas-1966-2016\/#primaryimage"},"image":{"@id":"https:\/\/blogs.hoac.es\/eutopia\/downloads\/heroes-del-trabajo-recordando-la-huelga-de-bandas-1966-2016\/#primaryimage"},"thumbnailUrl":"http:\/\/hoac.es\/ediciones\/upload\/portada_162_baja.jpg","datePublished":"2017-01-18T12:30:10+00:00","dateModified":"2017-01-18T12:32:41+00:00","breadcrumb":{"@id":"https:\/\/blogs.hoac.es\/eutopia\/downloads\/heroes-del-trabajo-recordando-la-huelga-de-bandas-1966-2016\/#breadcrumb"},"inLanguage":"es","potentialAction":[{"@type":"ReadAction","target":["https:\/\/blogs.hoac.es\/eutopia\/downloads\/heroes-del-trabajo-recordando-la-huelga-de-bandas-1966-2016\/"]}]},{"@type":"ImageObject","inLanguage":"es","@id":"https:\/\/blogs.hoac.es\/eutopia\/downloads\/heroes-del-trabajo-recordando-la-huelga-de-bandas-1966-2016\/#primaryimage","url":"http:\/\/hoac.es\/ediciones\/upload\/portada_162_baja.jpg","contentUrl":"http:\/\/hoac.es\/ediciones\/upload\/portada_162_baja.jpg"},{"@type":"BreadcrumbList","@id":"https:\/\/blogs.hoac.es\/eutopia\/downloads\/heroes-del-trabajo-recordando-la-huelga-de-bandas-1966-2016\/#breadcrumb","itemListElement":[{"@type":"ListItem","position":1,"name":"Portada","item":"https:\/\/blogs.hoac.es\/eutopia\/"},{"@type":"ListItem","position":2,"name":"Descargas","item":"https:\/\/blogs.hoac.es\/eutopia\/downloads\/"},{"@type":"ListItem","position":3,"name":"H\u00e9roes del trabajo. Recordando la Huelga de Bandas. 1966-2016"}]},{"@type":"WebSite","@id":"https:\/\/blogs.hoac.es\/eutopia\/#website","url":"https:\/\/blogs.hoac.es\/eutopia\/","name":"EUTOP\u00cdA","description":"Un buen lugar para el encuentro con las publicaciones de la HOAC","publisher":{"@id":"https:\/\/blogs.hoac.es\/eutopia\/#organization"},"potentialAction":[{"@type":"SearchAction","target":{"@type":"EntryPoint","urlTemplate":"https:\/\/blogs.hoac.es\/eutopia\/?s={search_term_string}"},"query-input":{"@type":"PropertyValueSpecification","valueRequired":true,"valueName":"search_term_string"}}],"inLanguage":"es"},{"@type":"Organization","@id":"https:\/\/blogs.hoac.es\/eutopia\/#organization","name":"EUTOP\u00cdA","url":"https:\/\/blogs.hoac.es\/eutopia\/","logo":{"@type":"ImageObject","inLanguage":"es","@id":"https:\/\/blogs.hoac.es\/eutopia\/#\/schema\/logo\/image\/","url":"https:\/\/i0.wp.com\/blogs.hoac.es\/eutopia\/wp-content\/uploads\/2014\/12\/HOAC-logo-alta-54a42ab7v1_site_icon.png?fit=512%2C512&ssl=1","contentUrl":"https:\/\/i0.wp.com\/blogs.hoac.es\/eutopia\/wp-content\/uploads\/2014\/12\/HOAC-logo-alta-54a42ab7v1_site_icon.png?fit=512%2C512&ssl=1","width":512,"height":512,"caption":"EUTOP\u00cdA"},"image":{"@id":"https:\/\/blogs.hoac.es\/eutopia\/#\/schema\/logo\/image\/"}}]}},"jetpack_sharing_enabled":true,"_links":{"self":[{"href":"https:\/\/blogs.hoac.es\/eutopia\/wp-json\/wp\/v2\/edd-downloads\/1469","targetHints":{"allow":["GET"]}}],"collection":[{"href":"https:\/\/blogs.hoac.es\/eutopia\/wp-json\/wp\/v2\/edd-downloads"}],"about":[{"href":"https:\/\/blogs.hoac.es\/eutopia\/wp-json\/wp\/v2\/types\/download"}],"author":[{"embeddable":true,"href":"https:\/\/blogs.hoac.es\/eutopia\/wp-json\/wp\/v2\/users\/2"}],"version-history":[{"count":4,"href":"https:\/\/blogs.hoac.es\/eutopia\/wp-json\/wp\/v2\/edd-downloads\/1469\/revisions"}],"predecessor-version":[{"id":1475,"href":"https:\/\/blogs.hoac.es\/eutopia\/wp-json\/wp\/v2\/edd-downloads\/1469\/revisions\/1475"}],"wp:attachment":[{"href":"https:\/\/blogs.hoac.es\/eutopia\/wp-json\/wp\/v2\/media?parent=1469"}],"wp:term":[{"taxonomy":"download_category","embeddable":true,"href":"https:\/\/blogs.hoac.es\/eutopia\/wp-json\/wp\/v2\/edd-categories?post=1469"},{"taxonomy":"download_tag","embeddable":true,"href":"https:\/\/blogs.hoac.es\/eutopia\/wp-json\/wp\/v2\/edd-tags?post=1469"}],"curies":[{"name":"wp","href":"https:\/\/api.w.org\/{rel}","templated":true}]}}