{"id":23,"date":"2014-12-06T20:35:48","date_gmt":"2014-12-06T19:35:48","guid":{"rendered":"http:\/\/blogs.hoac.es\/eutopia\/?page_id=23"},"modified":"2014-12-14T21:22:19","modified_gmt":"2014-12-14T20:22:19","slug":"noticias-obreras","status":"publish","type":"page","link":"https:\/\/blogs.hoac.es\/eutopia\/noticias-obreras\/","title":{"rendered":"Noticias Obreras"},"content":{"rendered":"<p><b>L\u00cdNEA EDITORIAL<\/b><\/p>\n<p><a href=\"http:\/\/www.hoac.es\/ediciones\/libro.php?idlibros=2006\" target=\"_blank\"><em>Noticias Obreras<\/em><\/a> una revista editada por la <a href=\"http:\/\/www.hoac.es\" target=\"_blank\">Hermandad Obrera de Acci\u00f3n Cat\u00f3lica (HOAC)<\/a> que ofrece contenidos para la reflexi\u00f3n, el an\u00e1lisis y la informaci\u00f3n en su contexto y en profundidad para favorecer el di\u00e1logo, la reflexi\u00f3n y el compromiso social.<\/p>\n<p>A la luz del Evangelio y la Doctrina Social de la Iglesia, junto con la adecuada actualizaci\u00f3n de las aportaciones de la cultura obrera y del trabajo, quiere dar a conocer la realidad del trabajo, especialmente en sus aspectos m\u00e1s degradantes para la dignidad humana, los anhelos de las personas y familias trabajadores y aquellas propuestas que aspiran a humanizar la organizaci\u00f3n social, econ\u00f3mica y pol\u00edtica.<\/p>\n<p><b>CONTENIDOS<\/b><\/p>\n<p>Presta especial atenci\u00f3n a las realidades que afectan a los m\u00e1s empobrecidos: personas desempleadas, precarias, inmigrantes, mujeres&#8230;<\/p>\n<p>Ofrece criterios para la reflexi\u00f3n y el debate sobre la organizaci\u00f3n social, pol\u00edtica, econ\u00f3mica y mundial, incorporando asuntos como la ecolog\u00eda, el feminismo, los movimientos sociales, la cooperaci\u00f3n, la espiritualidad o los humanismos.<\/p>\n<p>Apuesta por la construcci\u00f3n de un nuevo consenso social que ofrezca respuesta a los nuevos problemas planteados en la actualidad, contando con la pluralidad y complejidad actual del mundo obrero y del trabajo a nivel local e internacional.<\/p>\n<p>Analiza la econom\u00eda y pol\u00edtica, desde una perspectiva de la \u00e9tica y la recuperaci\u00f3n de las mismas, como actividades fundamentales del cristiano.<\/p>\n<p>Visibiliza la labor de colectivos, asociaciones, organizaciones de cariz humanitario, solidario, altermundista\u2026, y propone nuevos estilos de vida personales, familiares y comunitarios que favorezcan la corresponsabilidad y la comuni\u00f3n.<\/p>\n<p>Plasma la riqueza y diversidad de la Iglesia, deteni\u00e9ndose en aquellas comunidades, movimientos, organizaciones y \u00e1reas pastorales con mayor incidencia social y tambi\u00e9n en el presencia p\u00fablica de personas y colectivos del \u00e1mbito cristiano en la econom\u00eda, la pol\u00edtica, la acci\u00f3n social, la acci\u00f3n sindical y la acci\u00f3n vecinal.<\/p>\n<p><b>POSICIONAMIENTO<\/b><\/p>\n<p><a href=\"http:\/\/www.hoac.es\/ediciones\/libro.php?idlibros=2006\" target=\"_blank\"><i>Noticias Obreras<\/i><\/a> quiere seguir haciendo visible la sangrante realidad del mundo obrero y del trabajo e invitar a toda la Iglesia y a la sociedad a implicarse en la promoci\u00f3n de la justicia y la dignidad de los trabajadores y trabajadoras, y de sus familias.<\/p>\n<p>Sin ser pretenciosos cuenta con una trayectoria y prestigio consolidado en sectores estrat\u00e9gicos del \u00e1mbito eclesial y sindical y es bien valorada en peque\u00f1os \u00e1mbitos pol\u00edticos, intelectuales y culturales.<\/p>\n<p>Entiende su labor como un servicio al mundo obrero, a la Iglesia y a aquellos sectores de la poblaci\u00f3n m\u00e1s concienciados con la injusticia y la necesidad de encontrar nuevas pautas para la organizaci\u00f3n de la vida en com\u00fan.<\/p>\n<p>Para la HOAC es una necesidad abrirse un hueco en el complejo mundo de la transmisi\u00f3n y difusi\u00f3n de ideas, propuestas, mensajes, etc. que hay en nuestra sociedad, dando relevancia a la existencia de un conflicto social que atenta contra la dignidad humana, destruye a la familia, a la persona y genera una cultura hedonista y consumista, y que se constituye en modelo de realizaci\u00f3n humana desde la indiferencia hacia Dios.<\/p>\n<p>Queremos tambi\u00e9n incorporar nuestra propuesta a los nuevos tiempos comunicativos, haciendo una revista m\u00e1s participada y transparente hacia sus lectores y suscriptores. Incrementando tambi\u00e9n su presencia en el universo digital y en las redes sociales.<\/p>\n<p><b>CARACTER\u00cdSTICAS T\u00c9CNICAS<\/b><\/p>\n<p>Periodicidad mensual. 12 n\u00fameros\/a\u00f1o. 40 p\u00e1g. a dos colores + 4 p\u00e1g. a todo color.<\/p>\n<p>La revista llega a todas las di\u00f3cesis de Espa\u00f1a y a pa\u00edses de Am\u00e9rica Latina y Europa. Tiene alrededor de 6.000 lectores. Llega a m\u00e1s de 80 movimientos y asociaciones de la Iglesia y a m\u00e1s de 70 asociaciones y plataformas sociales.<\/p>\n<p><b>SECCIONES<\/b> (y n\u00famero de p\u00e1ginas que ocupa).<\/p>\n<p>PORTADA (1). Foto a todo color con la cabecera\/logo de la revista. Incluye un titular destacado y dos titulares.<\/p>\n<p>NOTICIAS DE LA HOAC (variable). Relato de las actividades, acciones o comunicados de la HOAC.<\/p>\n<p>SUMARIO (1). P\u00e1gina que recoge el \u00edndice de temas y la mancheta de la revista.<\/p>\n<p>EL TRABAJO ES PARA LA VIDA (1). El dato, el hecho y la reflexi\u00f3n de condiciones en torno a la de salud laboral. Secci\u00f3n con colaboraci\u00f3n habitual.<\/p>\n<p>EDITORIAL (1). Posici\u00f3n de la HOAC sobre un tema de actualidad.<\/p>\n<p>LABORAL (2). Noticias del mundo del trabajo que aborda movilizaciones, conflictos, tendencias, etc.<\/p>\n<p>VIDAS PRECARIAS (1). Relato experiencial del testimonio directo de una persona v\u00edctima de precariedad.<\/p>\n<p>\u00c9TICA Y POL\u00cdTICA (1). Secci\u00f3n de art\u00edculo de opini\u00f3n. El enfoque prepol\u00edtico, integral, con una mirada \u00e9tica. La pol\u00edtica m\u00e1s reposada. Secci\u00f3n con colaboraci\u00f3n habitual.<\/p>\n<p>POL\u00cdTICA (2). Secci\u00f3n de art\u00edculo de opini\u00f3n. El enfoque busca la profundidad de la pol\u00edtica entendida como la gesti\u00f3n integral de la sociedad. Secci\u00f3n con colaboraci\u00f3n habitual.<\/p>\n<p>MiCRUZ. (VI\u00d1ETA) (\u00bd). Secci\u00f3n de vi\u00f1etas con una lectura ir\u00f3nica y cr\u00edtica de la situaci\u00f3n social y pol\u00edtica. Secci\u00f3n con colaboraci\u00f3n habitual.<\/p>\n<p>ECONOM\u00cdA (2). Secci\u00f3n que profundiza en situaciones de la vida econ\u00f3mica de la gente o que le afecta, de tal manera que, did\u00e1cticamente, nos acerca a una visi\u00f3n alternativa. Secci\u00f3n con colaboraci\u00f3n habitual.<\/p>\n<p>OTRA VIDA FAMILIAR ES POSIBLE (2). Secci\u00f3n dirigida a mostrar como desde \u201ciglesias dom\u00e9sticas\u201d, desde la vida familiar, modelos alternativos para dar respuesta humana a las necesidades y derechos de la familias.<\/p>\n<p>IGLESIA (2). Secci\u00f3n destinada a mostrar el aspecto m\u00e1s misericordioso, prof\u00e9tico, acogedor&#8230;<\/p>\n<p>EL CUIDADO DE LA CREACI\u00d3N (1). Secci\u00f3n de opini\u00f3n que nos ense\u00f1a otra forma de vivir respetuosamente con el medio ambiente. Los estilos de vida alternativos. Secci\u00f3n con colaboraci\u00f3n habitual.<\/p>\n<p>TEMA DEL MES (8). Desarrollo de un tema social, laboral o pol\u00edtico tratado con profundidad.<\/p>\n<p>LA MUNDIALIZACI\u00d3N (1) Secci\u00f3n de art\u00edculo de opini\u00f3n, basado en una an\u00e1lisis cr\u00edtico de la situaci\u00f3n laboral o social internacional. Secci\u00f3n con colaboraci\u00f3n habitual.<\/p>\n<p>LOS EMPOBRECIDOS POR EL MUNDO (1) Denuncia de las condiciones laborales m\u00e1s extremas en el planeta. Secci\u00f3n con colaboraci\u00f3n habitual.<\/p>\n<p>EL AMOR EN EL MUNDO (1) Respuestas solidarias a las condiciones laborales del mundo. Secci\u00f3n con colaboraci\u00f3n habitual.<\/p>\n<p>ENTREVISTA (3). A una persona sobre un tema de actualidad, con un inter\u00e9s particular y en consonancia con la l\u00ednea editorial.<\/p>\n<p>EXPERIENCIA (2). Secci\u00f3n que propone alternativas o proyectos que muestran otros modos de vivir, producir, consumir.<\/p>\n<p>EL TERM\u00d3METRO (1). Secci\u00f3n de art\u00edculos de opini\u00f3n para pulsar el estado o la situaci\u00f3n de ciertas cuestiones eclesiales de actualidad. En coherencia con la l\u00ednea editorial. Secci\u00f3n con colaboraci\u00f3n habitual.<\/p>\n<p>EL EVANGELIO EN TU VIDA (1). Secci\u00f3n de art\u00edculos de opini\u00f3n que interpretan las lecturas dominicales para trasladarla a \u201ctu vida\u201d. Secci\u00f3n con colaboraci\u00f3n habitual.<\/p>\n<p>CULTURA (2). Secci\u00f3n de art\u00edculos que muestran alternativas a la cultura dominante. Secci\u00f3n con colaboraci\u00f3n habitual.<\/p>\n<p>LIBROS (1). Rese\u00f1a de un libro de inter\u00e9s bien por la l\u00ednea editorial que desarrollamos o por la actualidad social, eclesial o pol\u00edtica. Incorporar tambi\u00e9n una breve secci\u00f3n (fald\u00f3n) con las publicaciones que nos llegan a la redacci\u00f3n.<\/p>\n<p>CINE (1). Secci\u00f3n de art\u00edculo de opini\u00f3n con cr\u00edtica cinematogr\u00e1fica a un cine social alternativo. Incluye breve secci\u00f3n de agenda. Secci\u00f3n con colaboraci\u00f3n habitual.<\/p>\n<p>EL ATRIO (1). Secci\u00f3n de art\u00edculos de opini\u00f3n que muestra a la Iglesia desde la calle, la vida de la iglesia a ras de suelo, de un modo atractivo para los m\u00e1s alejados. Secci\u00f3n con colaboraci\u00f3n habitual.<\/p>\n<p>DOS MINUTOS (\u00bd). Texto espiritual. Secci\u00f3n con colaboraci\u00f3n habitual.<\/p>\n<p>LA ORACI\u00d3N DE CADA D\u00cdA (\u00bd). Texto de oraciones. Secci\u00f3n con colaboraci\u00f3n habitual.<\/p>\n<p>CONTRAPORTADA (1). Espacio, a todo color, destinado a publicidad (interna\/externa).<\/p>\n<p><b>STAFF<\/b><\/p>\n<p><b>Edita<\/b> <a href=\"http:\/\/www.hoac.es\" target=\"_blank\">HOAC<\/a> | Comisi\u00f3n Permanente (<a href=\"https:\/\/twitter.com\/hoac_es\" target=\"_blank\">@hoac_es<\/a>)<\/p>\n<p><b>Director<\/b> | Abraham Canales (<a href=\"https:\/\/twitter.com\/otromundoesposi\" target=\"_blank\">@otromundoesposi<\/a>)<\/p>\n<p><b>Redactor Jefe<\/b> | Jos\u00e9 Luis Palacios <a href=\"https:\/\/twitter.com\/jlpalas\" target=\"_blank\">(@jlpalas<\/a>)<\/p>\n<p><b>Maquetaci\u00f3n<\/b> | Olga Pardo<\/p>\n<p><b>Colaboraciones<\/b> | Juan Ac\u00edn, Alfonso Alcaide, Antonio J. Aranda, Joaqu\u00edn Arriola, Jos\u00e9 Blanco, Araceli Caballero, Manolo Cop\u00e9, Fernando D\u00edaz-Abajo, Rafael D\u00edaz Salazar, Jes\u00fas Espeja, Jos\u00e9 Ignacio G\u00e1mez, Jos\u00e9 Garc\u00eda, Joaqu\u00edn Garc\u00eda (Chipola), Carlos G\u00aa de Andoin, Carlos G\u00f3mez Gil, Agust\u00edn Gonz\u00e1lez, Jose Ignacio Gonz\u00e1lez Faus, Jos\u00e9 R. Ibeas, I\u00f1aki Lancelot, Enrique Lluch, Javier Madrazo, Pedro Manzano, V\u00edctor M. Mari, \u00c0lvar Miralles, Gorka Moreno, Francisco Porcar, Xulio Rios, Eduardo Rojo, M\u00f3nica Rossi, Santiago S\u00e1nchez Torrado, Paloma Sanz, Jose M\u00aa Toro, Cristina Vega, Imanol Zubero, Taller de Redacci\u00f3n de Andaluc\u00eda, Canarias y Alicante.<\/p>\n<p><b>Domicilio<\/b> |\u00a0 Alfonso XI, 4 &#8211; 4\u00ba \u2022\u00a028014 Madrid |<br \/>\nTel\u00e9fono 917 014 081 | <a href=\"mailto:noticiasobreras@hoac.es\">noticiasobreras@hoac.es<\/a><\/p>\n<p><b>Administraci\u00f3n y suscripciones<\/b><br \/>\nM\u00aa Jos\u00e9 y Pilar Cerrajero |\u00a0Tel\u00e9fono 917 014 080 | <a href=\"mailto:administracion@hoac.es\">administracion@hoac.es<\/a><\/p>\n<p><b>Compra y suscripci\u00f3n por internet<\/b><br \/>\n<a href=\"http:\/\/www.hoac.es\/ediciones\/libro.php?idlibros=2006\" target=\"_blank\">www.edicioneshoac.es<\/a><\/p>\n<p><b>Dep\u00f3sito Legal<\/b> | M. 2359-1958 \u2022\u00a0<strong>ISSN<\/strong>\u00a0| 2304-9231<\/p>\n","protected":false},"excerpt":{"rendered":"<p>L\u00cdNEA EDITORIAL Noticias Obreras una revista editada por la Hermandad Obrera de Acci\u00f3n Cat\u00f3lica (HOAC) que ofrece contenidos para la reflexi\u00f3n, el an\u00e1lisis y la informaci\u00f3n en su contexto y en profundidad para favorecer el di\u00e1logo, la reflexi\u00f3n y el compromiso social. A la luz del Evangelio y la Doctrina Social de la Iglesia, junto &hellip; <\/p>\n<p class=\"link-more\"><a href=\"https:\/\/blogs.hoac.es\/eutopia\/noticias-obreras\/\" class=\"more-link\">Continuar leyendo<span class=\"screen-reader-text\"> \u00abNoticias Obreras\u00bb<\/span><\/a><\/p>\n","protected":false},"author":2,"featured_media":50,"parent":0,"menu_order":0,"comment_status":"open","ping_status":"open","template":"","meta":{"jetpack_post_was_ever_published":false,"footnotes":""},"class_list":["post-23","page","type-page","status-publish","has-post-thumbnail","hentry"],"yoast_head":"<!-- This site is optimized with the Yoast SEO plugin v26.8 - https:\/\/yoast.com\/product\/yoast-seo-wordpress\/ -->\n<title>Noticias Obreras - EUTOP\u00cdA<\/title>\n<meta name=\"robots\" content=\"index, follow, max-snippet:-1, max-image-preview:large, max-video-preview:-1\" \/>\n<link rel=\"canonical\" href=\"https:\/\/blogs.hoac.es\/eutopia\/noticias-obreras\/\" \/>\n<meta property=\"og:locale\" content=\"es_ES\" \/>\n<meta property=\"og:type\" content=\"article\" \/>\n<meta property=\"og:title\" content=\"Noticias Obreras - EUTOP\u00cdA\" \/>\n<meta property=\"og:description\" content=\"L\u00cdNEA EDITORIAL Noticias Obreras una revista editada por la Hermandad Obrera de Acci\u00f3n Cat\u00f3lica (HOAC) que ofrece contenidos para la reflexi\u00f3n, el an\u00e1lisis y la informaci\u00f3n en su contexto y en profundidad para favorecer el di\u00e1logo, la reflexi\u00f3n y el compromiso social. A la luz del Evangelio y la Doctrina Social de la Iglesia, junto &hellip; Continuar leyendo &quot;Noticias Obreras&quot;\" \/>\n<meta property=\"og:url\" content=\"https:\/\/blogs.hoac.es\/eutopia\/noticias-obreras\/\" \/>\n<meta property=\"og:site_name\" content=\"EUTOP\u00cdA\" \/>\n<meta property=\"article:modified_time\" content=\"2014-12-14T20:22:19+00:00\" \/>\n<meta property=\"og:image\" content=\"https:\/\/i0.wp.com\/blogs.hoac.es\/eutopia\/wp-content\/uploads\/2014\/12\/NNOO-1566.jpg?fit=211%2C288&ssl=1\" \/>\n\t<meta property=\"og:image:width\" content=\"211\" \/>\n\t<meta property=\"og:image:height\" content=\"288\" \/>\n\t<meta property=\"og:image:type\" content=\"image\/jpeg\" \/>\n<meta name=\"twitter:label1\" content=\"Tiempo de lectura\" \/>\n\t<meta name=\"twitter:data1\" content=\"8 minutos\" \/>\n<script type=\"application\/ld+json\" class=\"yoast-schema-graph\">{\"@context\":\"https:\/\/schema.org\",\"@graph\":[{\"@type\":\"WebPage\",\"@id\":\"https:\/\/blogs.hoac.es\/eutopia\/noticias-obreras\/\",\"url\":\"https:\/\/blogs.hoac.es\/eutopia\/noticias-obreras\/\",\"name\":\"Noticias Obreras - EUTOP\u00cdA\",\"isPartOf\":{\"@id\":\"https:\/\/blogs.hoac.es\/eutopia\/#website\"},\"primaryImageOfPage\":{\"@id\":\"https:\/\/blogs.hoac.es\/eutopia\/noticias-obreras\/#primaryimage\"},\"image\":{\"@id\":\"https:\/\/blogs.hoac.es\/eutopia\/noticias-obreras\/#primaryimage\"},\"thumbnailUrl\":\"https:\/\/blogs.hoac.es\/eutopia\/wp-content\/uploads\/2014\/12\/NNOO-1566.jpg\",\"datePublished\":\"2014-12-06T19:35:48+00:00\",\"dateModified\":\"2014-12-14T20:22:19+00:00\",\"breadcrumb\":{\"@id\":\"https:\/\/blogs.hoac.es\/eutopia\/noticias-obreras\/#breadcrumb\"},\"inLanguage\":\"es\",\"potentialAction\":[{\"@type\":\"ReadAction\",\"target\":[\"https:\/\/blogs.hoac.es\/eutopia\/noticias-obreras\/\"]}]},{\"@type\":\"ImageObject\",\"inLanguage\":\"es\",\"@id\":\"https:\/\/blogs.hoac.es\/eutopia\/noticias-obreras\/#primaryimage\",\"url\":\"https:\/\/blogs.hoac.es\/eutopia\/wp-content\/uploads\/2014\/12\/NNOO-1566.jpg\",\"contentUrl\":\"https:\/\/blogs.hoac.es\/eutopia\/wp-content\/uploads\/2014\/12\/NNOO-1566.jpg\",\"width\":211,\"height\":288},{\"@type\":\"BreadcrumbList\",\"@id\":\"https:\/\/blogs.hoac.es\/eutopia\/noticias-obreras\/#breadcrumb\",\"itemListElement\":[{\"@type\":\"ListItem\",\"position\":1,\"name\":\"Portada\",\"item\":\"https:\/\/blogs.hoac.es\/eutopia\/\"},{\"@type\":\"ListItem\",\"position\":2,\"name\":\"Noticias Obreras\"}]},{\"@type\":\"WebSite\",\"@id\":\"https:\/\/blogs.hoac.es\/eutopia\/#website\",\"url\":\"https:\/\/blogs.hoac.es\/eutopia\/\",\"name\":\"EUTOP\u00cdA\",\"description\":\"Un buen lugar para el encuentro con las publicaciones de la HOAC\",\"publisher\":{\"@id\":\"https:\/\/blogs.hoac.es\/eutopia\/#organization\"},\"potentialAction\":[{\"@type\":\"SearchAction\",\"target\":{\"@type\":\"EntryPoint\",\"urlTemplate\":\"https:\/\/blogs.hoac.es\/eutopia\/?s={search_term_string}\"},\"query-input\":{\"@type\":\"PropertyValueSpecification\",\"valueRequired\":true,\"valueName\":\"search_term_string\"}}],\"inLanguage\":\"es\"},{\"@type\":\"Organization\",\"@id\":\"https:\/\/blogs.hoac.es\/eutopia\/#organization\",\"name\":\"EUTOP\u00cdA\",\"url\":\"https:\/\/blogs.hoac.es\/eutopia\/\",\"logo\":{\"@type\":\"ImageObject\",\"inLanguage\":\"es\",\"@id\":\"https:\/\/blogs.hoac.es\/eutopia\/#\/schema\/logo\/image\/\",\"url\":\"https:\/\/i0.wp.com\/blogs.hoac.es\/eutopia\/wp-content\/uploads\/2014\/12\/HOAC-logo-alta-54a42ab7v1_site_icon.png?fit=512%2C512&ssl=1\",\"contentUrl\":\"https:\/\/i0.wp.com\/blogs.hoac.es\/eutopia\/wp-content\/uploads\/2014\/12\/HOAC-logo-alta-54a42ab7v1_site_icon.png?fit=512%2C512&ssl=1\",\"width\":512,\"height\":512,\"caption\":\"EUTOP\u00cdA\"},\"image\":{\"@id\":\"https:\/\/blogs.hoac.es\/eutopia\/#\/schema\/logo\/image\/\"}}]}<\/script>\n<!-- \/ Yoast SEO plugin. -->","yoast_head_json":{"title":"Noticias Obreras - EUTOP\u00cdA","robots":{"index":"index","follow":"follow","max-snippet":"max-snippet:-1","max-image-preview":"max-image-preview:large","max-video-preview":"max-video-preview:-1"},"canonical":"https:\/\/blogs.hoac.es\/eutopia\/noticias-obreras\/","og_locale":"es_ES","og_type":"article","og_title":"Noticias Obreras - EUTOP\u00cdA","og_description":"L\u00cdNEA EDITORIAL Noticias Obreras una revista editada por la Hermandad Obrera de Acci\u00f3n Cat\u00f3lica (HOAC) que ofrece contenidos para la reflexi\u00f3n, el an\u00e1lisis y la informaci\u00f3n en su contexto y en profundidad para favorecer el di\u00e1logo, la reflexi\u00f3n y el compromiso social. A la luz del Evangelio y la Doctrina Social de la Iglesia, junto &hellip; Continuar leyendo \"Noticias Obreras\"","og_url":"https:\/\/blogs.hoac.es\/eutopia\/noticias-obreras\/","og_site_name":"EUTOP\u00cdA","article_modified_time":"2014-12-14T20:22:19+00:00","og_image":[{"width":211,"height":288,"url":"https:\/\/i0.wp.com\/blogs.hoac.es\/eutopia\/wp-content\/uploads\/2014\/12\/NNOO-1566.jpg?fit=211%2C288&ssl=1","type":"image\/jpeg"}],"twitter_misc":{"Tiempo de lectura":"8 minutos"},"schema":{"@context":"https:\/\/schema.org","@graph":[{"@type":"WebPage","@id":"https:\/\/blogs.hoac.es\/eutopia\/noticias-obreras\/","url":"https:\/\/blogs.hoac.es\/eutopia\/noticias-obreras\/","name":"Noticias Obreras - EUTOP\u00cdA","isPartOf":{"@id":"https:\/\/blogs.hoac.es\/eutopia\/#website"},"primaryImageOfPage":{"@id":"https:\/\/blogs.hoac.es\/eutopia\/noticias-obreras\/#primaryimage"},"image":{"@id":"https:\/\/blogs.hoac.es\/eutopia\/noticias-obreras\/#primaryimage"},"thumbnailUrl":"https:\/\/blogs.hoac.es\/eutopia\/wp-content\/uploads\/2014\/12\/NNOO-1566.jpg","datePublished":"2014-12-06T19:35:48+00:00","dateModified":"2014-12-14T20:22:19+00:00","breadcrumb":{"@id":"https:\/\/blogs.hoac.es\/eutopia\/noticias-obreras\/#breadcrumb"},"inLanguage":"es","potentialAction":[{"@type":"ReadAction","target":["https:\/\/blogs.hoac.es\/eutopia\/noticias-obreras\/"]}]},{"@type":"ImageObject","inLanguage":"es","@id":"https:\/\/blogs.hoac.es\/eutopia\/noticias-obreras\/#primaryimage","url":"https:\/\/blogs.hoac.es\/eutopia\/wp-content\/uploads\/2014\/12\/NNOO-1566.jpg","contentUrl":"https:\/\/blogs.hoac.es\/eutopia\/wp-content\/uploads\/2014\/12\/NNOO-1566.jpg","width":211,"height":288},{"@type":"BreadcrumbList","@id":"https:\/\/blogs.hoac.es\/eutopia\/noticias-obreras\/#breadcrumb","itemListElement":[{"@type":"ListItem","position":1,"name":"Portada","item":"https:\/\/blogs.hoac.es\/eutopia\/"},{"@type":"ListItem","position":2,"name":"Noticias Obreras"}]},{"@type":"WebSite","@id":"https:\/\/blogs.hoac.es\/eutopia\/#website","url":"https:\/\/blogs.hoac.es\/eutopia\/","name":"EUTOP\u00cdA","description":"Un buen lugar para el encuentro con las publicaciones de la HOAC","publisher":{"@id":"https:\/\/blogs.hoac.es\/eutopia\/#organization"},"potentialAction":[{"@type":"SearchAction","target":{"@type":"EntryPoint","urlTemplate":"https:\/\/blogs.hoac.es\/eutopia\/?s={search_term_string}"},"query-input":{"@type":"PropertyValueSpecification","valueRequired":true,"valueName":"search_term_string"}}],"inLanguage":"es"},{"@type":"Organization","@id":"https:\/\/blogs.hoac.es\/eutopia\/#organization","name":"EUTOP\u00cdA","url":"https:\/\/blogs.hoac.es\/eutopia\/","logo":{"@type":"ImageObject","inLanguage":"es","@id":"https:\/\/blogs.hoac.es\/eutopia\/#\/schema\/logo\/image\/","url":"https:\/\/i0.wp.com\/blogs.hoac.es\/eutopia\/wp-content\/uploads\/2014\/12\/HOAC-logo-alta-54a42ab7v1_site_icon.png?fit=512%2C512&ssl=1","contentUrl":"https:\/\/i0.wp.com\/blogs.hoac.es\/eutopia\/wp-content\/uploads\/2014\/12\/HOAC-logo-alta-54a42ab7v1_site_icon.png?fit=512%2C512&ssl=1","width":512,"height":512,"caption":"EUTOP\u00cdA"},"image":{"@id":"https:\/\/blogs.hoac.es\/eutopia\/#\/schema\/logo\/image\/"}}]}},"jetpack_sharing_enabled":true,"jetpack_shortlink":"https:\/\/wp.me\/P5qNWD-n","jetpack-related-posts":[],"_links":{"self":[{"href":"https:\/\/blogs.hoac.es\/eutopia\/wp-json\/wp\/v2\/pages\/23","targetHints":{"allow":["GET"]}}],"collection":[{"href":"https:\/\/blogs.hoac.es\/eutopia\/wp-json\/wp\/v2\/pages"}],"about":[{"href":"https:\/\/blogs.hoac.es\/eutopia\/wp-json\/wp\/v2\/types\/page"}],"author":[{"embeddable":true,"href":"https:\/\/blogs.hoac.es\/eutopia\/wp-json\/wp\/v2\/users\/2"}],"replies":[{"embeddable":true,"href":"https:\/\/blogs.hoac.es\/eutopia\/wp-json\/wp\/v2\/comments?post=23"}],"version-history":[{"count":12,"href":"https:\/\/blogs.hoac.es\/eutopia\/wp-json\/wp\/v2\/pages\/23\/revisions"}],"predecessor-version":[{"id":174,"href":"https:\/\/blogs.hoac.es\/eutopia\/wp-json\/wp\/v2\/pages\/23\/revisions\/174"}],"wp:featuredmedia":[{"embeddable":true,"href":"https:\/\/blogs.hoac.es\/eutopia\/wp-json\/wp\/v2\/media\/50"}],"wp:attachment":[{"href":"https:\/\/blogs.hoac.es\/eutopia\/wp-json\/wp\/v2\/media?parent=23"}],"curies":[{"name":"wp","href":"https:\/\/api.w.org\/{rel}","templated":true}]}}